{"id":385,"date":"2024-06-27T02:41:42","date_gmt":"2024-06-27T02:41:42","guid":{"rendered":"https:\/\/www.marianakirby.com\/abogado\/?page_id=385"},"modified":"2024-07-29T00:16:18","modified_gmt":"2024-07-29T00:16:18","slug":"actividades-academicas","status":"publish","type":"page","link":"https:\/\/www.marianakirby.com\/abogado\/actividades-academicas\/","title":{"rendered":"Actividades Acad\u00e9micas"},"content":{"rendered":"<p>[et_pb_section fb_built=&#8221;1&#8243; admin_label=&#8221;Service Section&#8221; module_class=&#8221;top-border&#8221; _builder_version=&#8221;4.26.1&#8243; custom_padding=&#8221;32px||32px||true|&#8221; border_width_left=&#8221;150px&#8221; border_color_left=&#8221;#545f66&#8243; border_width_left_tablet=&#8221;100px&#8221; border_width_left_phone=&#8221;10px&#8221; border_width_left_last_edited=&#8221;on|phone&#8221; global_colors_info=&#8221;{}&#8221;][et_pb_row admin_label=&#8221;Service Area&#8221; _builder_version=&#8221;4.16&#8243; global_colors_info=&#8221;{}&#8221;][et_pb_column type=&#8221;4_4&#8243; _builder_version=&#8221;4.16&#8243; custom_padding=&#8221;|||&#8221; global_colors_info=&#8221;{}&#8221; custom_padding__hover=&#8221;|||&#8221;][et_pb_text admin_label=&#8221;Title&#8221; _builder_version=&#8221;4.26.1&#8243; text_font=&#8221;||||||||&#8221; header_font=&#8221;Lato||||||||&#8221; header_text_align=&#8221;center&#8221; header_text_color=&#8221;#1b1b1b&#8221; header_font_size=&#8221;42px&#8221; header_line_height=&#8221;1.3em&#8221; header_2_font=&#8221;Lato||||||||&#8221; header_2_text_align=&#8221;center&#8221; header_2_font_size=&#8221;30px&#8221; header_2_line_height=&#8221;1.2em&#8221; module_alignment=&#8221;center&#8221; custom_margin=&#8221;||10px|&#8221; custom_padding=&#8221;|||&#8221; animation_style=&#8221;fade&#8221; header_font_tablet=&#8221;Lato||||||||&#8221; header_font_phone=&#8221;Lato||||||||&#8221; header_font_last_edited=&#8221;on|phone&#8221; header_font_size_tablet=&#8221;46px&#8221; header_font_size_phone=&#8221;27px&#8221; header_font_size_last_edited=&#8221;on|phone&#8221; header_2_font_size_tablet=&#8221;30px&#8221; header_2_font_size_phone=&#8221;25px&#8221; header_2_font_size_last_edited=&#8221;on|tablet&#8221; global_module=&#8221;32&#8243; saved_tabs=&#8221;all&#8221; locked=&#8221;off&#8221; global_colors_info=&#8221;{}&#8221;]<\/p>\n<h1>Actividades Acad\u00e9micas<\/h1>\n<p>[\/et_pb_text][et_pb_divider color=&#8221;#ffa40d&#8221; divider_position=&#8221;center&#8221; divider_weight=&#8221;3px&#8221; _builder_version=&#8221;4.26.1&#8243; max_width=&#8221;38px&#8221; module_alignment=&#8221;center&#8221; custom_padding=&#8221;||||false|false&#8221; animation_style=&#8221;slide&#8221; animation_direction=&#8221;top&#8221; animation_intensity_slide=&#8221;10%&#8221; animation_starting_opacity=&#8221;100%&#8221; global_module=&#8221;221&#8243; saved_tabs=&#8221;all&#8221; locked=&#8221;off&#8221; global_colors_info=&#8221;{}&#8221;][\/et_pb_divider][\/et_pb_column][\/et_pb_row][et_pb_row admin_label=&#8221;Service Area&#8221; _builder_version=&#8221;4.16&#8243; global_colors_info=&#8221;{}&#8221;][et_pb_column type=&#8221;4_4&#8243; _builder_version=&#8221;4.16&#8243; custom_padding=&#8221;|||&#8221; global_colors_info=&#8221;{}&#8221; custom_padding__hover=&#8221;|||&#8221;][et_pb_text _builder_version=&#8221;4.26.1&#8243; text_font=&#8221;ABeeZee||||||||&#8221; text_font_size=&#8221;16px&#8221; text_line_height=&#8221;2em&#8221; link_text_color=&#8221;#666666&#8243; animation_style=&#8221;fade&#8221; global_module=&#8221;227&#8243; saved_tabs=&#8221;all&#8221; locked=&#8221;off&#8221; global_colors_info=&#8221;{}&#8221;]<\/p>\n<p>El Profesor Juan Formaro desempe\u00f1a una amplia actividad acad\u00e9mica.<\/p>\n<p>Es docente de grado en la Facultad de Derecho de la Universidad de Buenos Aires, hall\u00e1ndose a su cargo una materia del Ciclo Profesional Orientado de la carrera de abogac\u00eda.<\/p>\n<p>Asimismo, dicta clases de posgrado en diversas universidades nacionales (Universidad de Buenos Aires, Universidad Nacional de La Plata, Universidad Nacional del Litoral, Universidad Nacional del Sur, Universidad Nacional de Mar del Plata, Universidad Nacional de la Patagonia, entre otras).<\/p>\n<p>En dichos \u00e1mbitos tambi\u00e9n dise\u00f1a y dirige cursos de posgrado que se caracterizan por la profundidad del desarrollo te\u00f3rico, la aplicaci\u00f3n pr\u00e1ctica de los contenidos y la excelencia de los cuerpos docentes.<\/p>\n<p>Es requerido adem\u00e1s para diagramar cursos de formaci\u00f3n en distintos colegios y asociaciones profesionales. En tal sentido se destaca el Seminario de Derecho del Trabajo y la Seguridad Social que ha dirigido reuniendo a 49 colegios, asociaciones y consejos de la abogac\u00eda del pa\u00eds.<\/p>\n<p>Dicta conferencias en congresos y eventos acad\u00e9micos.<\/p>\n<p>Dirige institutos de investigaci\u00f3n jur\u00eddica en diversas entidades e integra los consejos de redacci\u00f3n de prestigiosas revistas jur\u00eddicas.<\/p>\n<p>Se desempe\u00f1a asimismo como jurado en Consejos de la Magistratura de distintas provincias y como experto en la acreditaci\u00f3n de carreras universitarias.<\/p>\n<p>[\/et_pb_text][\/et_pb_column][\/et_pb_row][et_pb_row _builder_version=&#8221;4.25.2&#8243; _module_preset=&#8221;default&#8221; global_colors_info=&#8221;{}&#8221;][et_pb_column type=&#8221;4_4&#8243; _builder_version=&#8221;4.25.2&#8243; _module_preset=&#8221;default&#8221; global_colors_info=&#8221;{}&#8221;][et_pb_code _builder_version=&#8221;4.25.2&#8243; _module_preset=&#8221;default&#8221; text_orientation=&#8221;center&#8221; locked=&#8221;off&#8221; global_colors_info=&#8221;{}&#8221;]<a href=\"https:\/\/wa.me\/5491127407003\" class=\"whatsapp-button\" target=\"_blank\" rel=\"noopener\"><!-- [et_pb_line_break_holder] -->    <i class=\"fa fa-whatsapp\"><\/i> \u00a1Hablemos!<!-- [et_pb_line_break_holder] --><\/a>[\/et_pb_code][\/et_pb_column][\/et_pb_row][\/et_pb_section][et_pb_section fb_built=&#8221;1&#8243; admin_label=&#8221;Service Section&#8221; module_class=&#8221;top-border&#8221; _builder_version=&#8221;4.26.1&#8243; custom_padding=&#8221;32px||32px||true|&#8221; border_width_left=&#8221;150px&#8221; border_color_left=&#8221;rgba(255,186,96,0.6)&#8221; border_width_left_tablet=&#8221;100px&#8221; border_width_left_phone=&#8221;10px&#8221; border_width_left_last_edited=&#8221;on|phone&#8221; global_colors_info=&#8221;{}&#8221;][et_pb_row admin_label=&#8221;Service Area&#8221; _builder_version=&#8221;4.16&#8243; global_colors_info=&#8221;{}&#8221;][et_pb_column type=&#8221;4_4&#8243; _builder_version=&#8221;4.16&#8243; custom_padding=&#8221;|||&#8221; global_colors_info=&#8221;{}&#8221; custom_padding__hover=&#8221;|||&#8221;][et_pb_image src=&#8221;https:\/\/www.marianakirby.com\/abogado\/wp-content\/uploads\/2024\/07\/Juan7.webp&#8221; alt=&#8221;Juan Formaro&#8221; title_text=&#8221;Juan Formaro&#8221; _builder_version=&#8221;4.26.1&#8243; _module_preset=&#8221;default&#8221; width=&#8221;100%&#8221; animation_style=&#8221;slide&#8221; border_width_all=&#8221;1px&#8221; border_color_all=&#8221;#e0e0e0&#8243; global_colors_info=&#8221;{}&#8221;][\/et_pb_image][\/et_pb_column][\/et_pb_row][\/et_pb_section]<\/p>\n","protected":false},"excerpt":{"rendered":"<p>Actividades Acad\u00e9micasEl Profesor Juan Formaro desempe\u00f1a una amplia actividad acad\u00e9mica. Es docente de grado en la Facultad de Derecho de la Universidad de Buenos Aires, hall\u00e1ndose a su cargo una materia del Ciclo Profesional Orientado de la carrera de abogac\u00eda. Asimismo, dicta clases de posgrado en diversas universidades nacionales (Universidad de Buenos Aires, Universidad Nacional [&hellip;]<\/p>\n","protected":false},"author":1,"featured_media":0,"parent":0,"menu_order":0,"comment_status":"closed","ping_status":"closed","template":"","meta":{"_et_pb_use_builder":"on","_et_pb_old_content":"","_et_gb_content_width":"","_joinchat":[],"footnotes":""},"class_list":["post-385","page","type-page","status-publish","hentry"],"yoast_head":"<!-- This site is optimized with the Yoast SEO plugin v27.5 - https:\/\/yoast.com\/product\/yoast-seo-wordpress\/ -->\n<title>Actividades Acad\u00e9micas - Abogados Expertos<\/title>\n<meta name=\"description\" content=\"Actividades Acad\u00e9micas. El Profesor Juan Formaro desempe\u00f1a una amplia actividad acad\u00e9mica. Es docente de grado en la Facultad de Derecho.\" \/>\n<meta name=\"robots\" content=\"noindex, follow, max-snippet:-1, max-image-preview:large, max-video-preview:-1\" \/>\n<meta property=\"og:locale\" content=\"en_US\" \/>\n<meta property=\"og:type\" content=\"article\" \/>\n<meta property=\"og:title\" content=\"Actividades Acad\u00e9micas\" \/>\n<meta property=\"og:description\" content=\"El Profesor Juan Formaro desempe\u00f1a una amplia actividad acad\u00e9mica. Es docente de grado en la Facultad de Derecho de la Universidad de Buenos Aires, hall\u00e1ndose a su cargo una materia del Ciclo Profesional Orientado de la carrera de abogac\u00eda.\" \/>\n<meta property=\"og:url\" content=\"https:\/\/www.marianakirby.com\/abogado\/actividades-academicas\/\" \/>\n<meta property=\"og:site_name\" content=\"Abogados Expertos\" \/>\n<meta property=\"article:modified_time\" content=\"2024-07-29T00:16:18+00:00\" \/>\n<meta name=\"twitter:card\" content=\"summary_large_image\" \/>\n<meta name=\"twitter:title\" content=\"Actividades Acad\u00e9micas\" \/>\n<meta name=\"twitter:description\" content=\"El Profesor Juan Formaro desempe\u00f1a una amplia actividad acad\u00e9mica. Es docente de grado en la Facultad de Derecho de la Universidad de Buenos Aires, hall\u00e1ndose a su cargo una materia del Ciclo Profesional Orientado de la carrera de abogac\u00eda.\" \/>\n<meta name=\"twitter:label1\" content=\"Est. reading time\" \/>\n\t<meta name=\"twitter:data1\" content=\"2 minutes\" \/>\n<script type=\"application\/ld+json\" class=\"yoast-schema-graph\">{\"@context\":\"https:\\\/\\\/schema.org\",\"@graph\":[{\"@type\":\"WebPage\",\"@id\":\"https:\\\/\\\/www.marianakirby.com\\\/abogado\\\/actividades-academicas\\\/\",\"url\":\"https:\\\/\\\/www.marianakirby.com\\\/abogado\\\/actividades-academicas\\\/\",\"name\":\"Actividades Acad\u00e9micas - Abogados Expertos\",\"isPartOf\":{\"@id\":\"https:\\\/\\\/www.marianakirby.com\\\/abogado\\\/#website\"},\"datePublished\":\"2024-06-27T02:41:42+00:00\",\"dateModified\":\"2024-07-29T00:16:18+00:00\",\"description\":\"Actividades Acad\u00e9micas. El Profesor Juan Formaro desempe\u00f1a una amplia actividad acad\u00e9mica. Es docente de grado en la Facultad de Derecho.\",\"breadcrumb\":{\"@id\":\"https:\\\/\\\/www.marianakirby.com\\\/abogado\\\/actividades-academicas\\\/#breadcrumb\"},\"inLanguage\":\"en-US\",\"potentialAction\":[{\"@type\":\"ReadAction\",\"target\":[\"https:\\\/\\\/www.marianakirby.com\\\/abogado\\\/actividades-academicas\\\/\"]}]},{\"@type\":\"BreadcrumbList\",\"@id\":\"https:\\\/\\\/www.marianakirby.com\\\/abogado\\\/actividades-academicas\\\/#breadcrumb\",\"itemListElement\":[{\"@type\":\"ListItem\",\"position\":1,\"name\":\"Home\",\"item\":\"https:\\\/\\\/www.marianakirby.com\\\/abogado\\\/\"},{\"@type\":\"ListItem\",\"position\":2,\"name\":\"Actividades Acad\u00e9micas\"}]},{\"@type\":\"WebSite\",\"@id\":\"https:\\\/\\\/www.marianakirby.com\\\/abogado\\\/#website\",\"url\":\"https:\\\/\\\/www.marianakirby.com\\\/abogado\\\/\",\"name\":\"Abogados Expertos\",\"description\":\"Protecci\u00f3n y defensa en el \u00e1mbito laboral \",\"potentialAction\":[{\"@type\":\"SearchAction\",\"target\":{\"@type\":\"EntryPoint\",\"urlTemplate\":\"https:\\\/\\\/www.marianakirby.com\\\/abogado\\\/?s={search_term_string}\"},\"query-input\":{\"@type\":\"PropertyValueSpecification\",\"valueRequired\":true,\"valueName\":\"search_term_string\"}}],\"inLanguage\":\"en-US\"}]}<\/script>\n<!-- \/ Yoast SEO plugin. -->","yoast_head_json":{"title":"Actividades Acad\u00e9micas - Abogados Expertos","description":"Actividades Acad\u00e9micas. El Profesor Juan Formaro desempe\u00f1a una amplia actividad acad\u00e9mica. Es docente de grado en la Facultad de Derecho.","robots":{"index":"noindex","follow":"follow","max-snippet":"max-snippet:-1","max-image-preview":"max-image-preview:large","max-video-preview":"max-video-preview:-1"},"og_locale":"en_US","og_type":"article","og_title":"Actividades Acad\u00e9micas","og_description":"El Profesor Juan Formaro desempe\u00f1a una amplia actividad acad\u00e9mica. Es docente de grado en la Facultad de Derecho de la Universidad de Buenos Aires, hall\u00e1ndose a su cargo una materia del Ciclo Profesional Orientado de la carrera de abogac\u00eda.","og_url":"https:\/\/www.marianakirby.com\/abogado\/actividades-academicas\/","og_site_name":"Abogados Expertos","article_modified_time":"2024-07-29T00:16:18+00:00","twitter_card":"summary_large_image","twitter_title":"Actividades Acad\u00e9micas","twitter_description":"El Profesor Juan Formaro desempe\u00f1a una amplia actividad acad\u00e9mica. Es docente de grado en la Facultad de Derecho de la Universidad de Buenos Aires, hall\u00e1ndose a su cargo una materia del Ciclo Profesional Orientado de la carrera de abogac\u00eda.","twitter_misc":{"Est. reading time":"2 minutes"},"schema":{"@context":"https:\/\/schema.org","@graph":[{"@type":"WebPage","@id":"https:\/\/www.marianakirby.com\/abogado\/actividades-academicas\/","url":"https:\/\/www.marianakirby.com\/abogado\/actividades-academicas\/","name":"Actividades Acad\u00e9micas - Abogados Expertos","isPartOf":{"@id":"https:\/\/www.marianakirby.com\/abogado\/#website"},"datePublished":"2024-06-27T02:41:42+00:00","dateModified":"2024-07-29T00:16:18+00:00","description":"Actividades Acad\u00e9micas. El Profesor Juan Formaro desempe\u00f1a una amplia actividad acad\u00e9mica. Es docente de grado en la Facultad de Derecho.","breadcrumb":{"@id":"https:\/\/www.marianakirby.com\/abogado\/actividades-academicas\/#breadcrumb"},"inLanguage":"en-US","potentialAction":[{"@type":"ReadAction","target":["https:\/\/www.marianakirby.com\/abogado\/actividades-academicas\/"]}]},{"@type":"BreadcrumbList","@id":"https:\/\/www.marianakirby.com\/abogado\/actividades-academicas\/#breadcrumb","itemListElement":[{"@type":"ListItem","position":1,"name":"Home","item":"https:\/\/www.marianakirby.com\/abogado\/"},{"@type":"ListItem","position":2,"name":"Actividades Acad\u00e9micas"}]},{"@type":"WebSite","@id":"https:\/\/www.marianakirby.com\/abogado\/#website","url":"https:\/\/www.marianakirby.com\/abogado\/","name":"Abogados Expertos","description":"Protecci\u00f3n y defensa en el \u00e1mbito laboral ","potentialAction":[{"@type":"SearchAction","target":{"@type":"EntryPoint","urlTemplate":"https:\/\/www.marianakirby.com\/abogado\/?s={search_term_string}"},"query-input":{"@type":"PropertyValueSpecification","valueRequired":true,"valueName":"search_term_string"}}],"inLanguage":"en-US"}]}},"_links":{"self":[{"href":"https:\/\/www.marianakirby.com\/abogado\/wp-json\/wp\/v2\/pages\/385","targetHints":{"allow":["GET"]}}],"collection":[{"href":"https:\/\/www.marianakirby.com\/abogado\/wp-json\/wp\/v2\/pages"}],"about":[{"href":"https:\/\/www.marianakirby.com\/abogado\/wp-json\/wp\/v2\/types\/page"}],"author":[{"embeddable":true,"href":"https:\/\/www.marianakirby.com\/abogado\/wp-json\/wp\/v2\/users\/1"}],"replies":[{"embeddable":true,"href":"https:\/\/www.marianakirby.com\/abogado\/wp-json\/wp\/v2\/comments?post=385"}],"version-history":[{"count":17,"href":"https:\/\/www.marianakirby.com\/abogado\/wp-json\/wp\/v2\/pages\/385\/revisions"}],"predecessor-version":[{"id":953,"href":"https:\/\/www.marianakirby.com\/abogado\/wp-json\/wp\/v2\/pages\/385\/revisions\/953"}],"wp:attachment":[{"href":"https:\/\/www.marianakirby.com\/abogado\/wp-json\/wp\/v2\/media?parent=385"}],"curies":[{"name":"wp","href":"https:\/\/api.w.org\/{rel}","templated":true}]}}