{"id":430,"date":"2024-06-27T15:58:56","date_gmt":"2024-06-27T15:58:56","guid":{"rendered":"https:\/\/www.marianakirby.com\/abogado\/?page_id=430"},"modified":"2024-07-14T02:41:04","modified_gmt":"2024-07-14T02:41:04","slug":"produccion-doctrinal","status":"publish","type":"page","link":"https:\/\/www.marianakirby.com\/abogado\/produccion-doctrinal\/","title":{"rendered":"Producci\u00f3n Doctrinal"},"content":{"rendered":"<p>[et_pb_section fb_built=&#8221;1&#8243; admin_label=&#8221;Service Section&#8221; module_class=&#8221;top-border&#8221; _builder_version=&#8221;4.26.1&#8243; custom_padding=&#8221;32px||32px||true|&#8221; hover_enabled=&#8221;0&#8243; border_width_left=&#8221;150px&#8221; border_color_left=&#8221;rgba(255,186,96,0.6)&#8221; border_width_left_tablet=&#8221;100px&#8221; border_width_left_phone=&#8221;10px&#8221; border_width_left_last_edited=&#8221;on|phone&#8221; global_colors_info=&#8221;{}&#8221; sticky_enabled=&#8221;0&#8243;][et_pb_row admin_label=&#8221;Service Area&#8221; _builder_version=&#8221;4.16&#8243; global_colors_info=&#8221;{}&#8221;][et_pb_column type=&#8221;4_4&#8243; _builder_version=&#8221;4.16&#8243; custom_padding=&#8221;|||&#8221; global_colors_info=&#8221;{}&#8221; custom_padding__hover=&#8221;|||&#8221;][et_pb_text admin_label=&#8221;Title&#8221; _builder_version=&#8221;4.26.1&#8243; text_font=&#8221;||||||||&#8221; header_font=&#8221;Lato||||||||&#8221; header_text_align=&#8221;center&#8221; header_text_color=&#8221;#1b1b1b&#8221; header_font_size=&#8221;42px&#8221; header_2_font=&#8221;Lato||||||||&#8221; header_2_text_align=&#8221;center&#8221; header_2_font_size=&#8221;30px&#8221; header_2_line_height=&#8221;1.2em&#8221; module_alignment=&#8221;center&#8221; custom_margin=&#8221;||10px|&#8221; custom_padding=&#8221;|||&#8221; animation_style=&#8221;fade&#8221; header_font_tablet=&#8221;Lato||||||||&#8221; header_font_phone=&#8221;Lato||||||||&#8221; header_font_last_edited=&#8221;on|phone&#8221; header_font_size_tablet=&#8221;46px&#8221; header_font_size_phone=&#8221;27px&#8221; header_font_size_last_edited=&#8221;on|phone&#8221; header_2_font_size_tablet=&#8221;30px&#8221; header_2_font_size_phone=&#8221;25px&#8221; header_2_font_size_last_edited=&#8221;on|tablet&#8221; global_module=&#8221;32&#8243; saved_tabs=&#8221;all&#8221; locked=&#8221;off&#8221; global_colors_info=&#8221;{}&#8221;]<\/p>\n<h1>Producci\u00f3n Doctrinal<\/h1>\n<p>[\/et_pb_text][et_pb_divider color=&#8221;#ffa40d&#8221; divider_position=&#8221;center&#8221; divider_weight=&#8221;3px&#8221; _builder_version=&#8221;4.26.1&#8243; max_width=&#8221;38px&#8221; module_alignment=&#8221;center&#8221; custom_padding=&#8221;||||false|false&#8221; animation_style=&#8221;slide&#8221; animation_direction=&#8221;top&#8221; animation_intensity_slide=&#8221;10%&#8221; animation_starting_opacity=&#8221;100%&#8221; global_module=&#8221;221&#8243; saved_tabs=&#8221;all&#8221; locked=&#8221;off&#8221; global_colors_info=&#8221;{}&#8221;][\/et_pb_divider][\/et_pb_column][\/et_pb_row][et_pb_row admin_label=&#8221;Service Area&#8221; _builder_version=&#8221;4.16&#8243; global_colors_info=&#8221;{}&#8221;][et_pb_column type=&#8221;4_4&#8243; _builder_version=&#8221;4.16&#8243; custom_padding=&#8221;|||&#8221; global_colors_info=&#8221;{}&#8221; custom_padding__hover=&#8221;|||&#8221;][et_pb_text _builder_version=&#8221;4.26.1&#8243; text_font=&#8221;ABeeZee||||||||&#8221; text_font_size=&#8221;16px&#8221; text_line_height=&#8221;2em&#8221; link_text_color=&#8221;#666666&#8243; animation_style=&#8221;slide&#8221; global_module=&#8221;227&#8243; saved_tabs=&#8221;all&#8221; locked=&#8221;off&#8221; global_colors_info=&#8221;{}&#8221;]El Doctor JUAN FORMARO posee una extensa producci\u00f3n doctrinal basada en la publicaci\u00f3n de libros de autor\u00eda exclusiva, art\u00edculos en revistas especializadas y participaci\u00f3n en obras colectivas de jerarqu\u00eda.<\/p>\n<p>En esa producci\u00f3n se destacan:<\/p>\n<ul>\n<li>Libros de autor\u00eda exclusiva<\/li>\n<li>Art\u00edculos en revistas jur\u00eddicas<\/li>\n<li>Aportes en obras colectivas<\/li>\n<li>Direcci\u00f3n de la colecci\u00f3n Jurisprudencia Laboral<\/li>\n<li>Sistematizaci\u00f3n de compendio legislativo\n<\/li>\n<\/ul>\n<p>[\/et_pb_text][et_pb_text admin_label=&#8221;Title&#8221; _builder_version=&#8221;4.26.1&#8243; text_font=&#8221;||||||||&#8221; header_font=&#8221;Lato||||||||&#8221; header_text_align=&#8221;center&#8221; header_text_color=&#8221;#1b1b1b&#8221; header_font_size=&#8221;42px&#8221; header_2_font=&#8221;Lato||||||||&#8221; header_2_text_align=&#8221;left&#8221; header_2_font_size=&#8221;30px&#8221; header_2_line_height=&#8221;1.2em&#8221; module_alignment=&#8221;center&#8221; custom_margin=&#8221;||10px|&#8221; custom_padding=&#8221;|||&#8221; animation_style=&#8221;fade&#8221; header_font_tablet=&#8221;Lato||||||||&#8221; header_font_phone=&#8221;Lato||||||||&#8221; header_font_last_edited=&#8221;on|phone&#8221; header_font_size_tablet=&#8221;46px&#8221; header_font_size_phone=&#8221;27px&#8221; header_font_size_last_edited=&#8221;on|phone&#8221; header_2_font_size_tablet=&#8221;30px&#8221; header_2_font_size_phone=&#8221;25px&#8221; header_2_font_size_last_edited=&#8221;on|tablet&#8221; global_module=&#8221;32&#8243; saved_tabs=&#8221;all&#8221; locked=&#8221;off&#8221; global_colors_info=&#8221;{}&#8221;]<\/p>\n<h2>Libros de autor\u00eda exclusiva<\/h2>\n<p>[\/et_pb_text][et_pb_text _builder_version=&#8221;4.26.1&#8243; text_font=&#8221;ABeeZee||||||||&#8221; text_font_size=&#8221;16px&#8221; text_line_height=&#8221;2em&#8221; link_text_color=&#8221;#666666&#8243; animation_style=&#8221;slide&#8221; global_module=&#8221;227&#8243; saved_tabs=&#8221;all&#8221; locked=&#8221;off&#8221; global_colors_info=&#8221;{}&#8221;]<\/p>\n<p><strong>1.<\/strong> Juicio por accidentes y enfermedades del trabajo, Hammurabi, Buenos Aires.<br \/>&nbsp;&nbsp;&nbsp;&nbsp;1\u00ba edici\u00f3n: 2008, 655 p\u00e1ginas.<br \/>&nbsp;&nbsp;&nbsp;&nbsp;2\u00ba edici\u00f3n: 2010, 2 tomos, 1032 p\u00e1ginas.<br \/><strong>2.<\/strong> Ley 11.653. Procedimiento Laboral de la Provincia de Buenos Aires. Comentada. Anotada. Concordada, Hammurabi, Buenos Aires.<br \/>&nbsp;&nbsp;&nbsp;&nbsp;1\u00ba edici\u00f3n: 2009, 2 tomos, 1168 p\u00e1ginas.<br \/>&nbsp;&nbsp;&nbsp;&nbsp;Pr\u00f3logo del profesor Ricardo Cornaglia<br \/><strong>3.<\/strong> Juicio por rendici\u00f3n de cuentas, Hammurabi, Buenos Aires.<br \/>&nbsp;&nbsp;&nbsp;&nbsp;1\u00ba edici\u00f3n: 2010, 327 p\u00e1ginas.<br \/>&nbsp;&nbsp;&nbsp;&nbsp;Pr\u00f3logo del profesor Alberto Bueres<br \/><strong>4.<\/strong> Riesgos del trabajo. Leyes 24.557 y 26.773. Acci\u00f3n especial y acci\u00f3n com\u00fan, Hammurabi, Buenos Aires.<br \/>&nbsp;&nbsp;&nbsp;&nbsp;1\u00ba edici\u00f3n: 2013, 719 p\u00e1ginas.<br \/>&nbsp;&nbsp;&nbsp;&nbsp;2\u00ba edici\u00f3n: 2013, 741 p\u00e1ginas.<br \/>&nbsp;&nbsp;&nbsp;&nbsp;3\u00ba edici\u00f3n: 2014, 772 p\u00e1ginas.<br \/>&nbsp;&nbsp;&nbsp;&nbsp;4\u00ba edici\u00f3n -An\u00e1lisis bajo el C\u00f3digo Civil y Comercial de la Naci\u00f3n- (2 reimpresiones): 2016, 670 p\u00e1ginas.<br \/><strong>5.<\/strong> Incidencias del C\u00f3digo Civil y Comercial. Derecho del trabajo, Hammurabi, Buenos Aires.<br \/>&nbsp;&nbsp;&nbsp;&nbsp;1\u00ba edici\u00f3n (3 reimpresiones): 2015, 276 p\u00e1ginas.<br \/><strong>6.<\/strong> Reformas al R\u00e9gimen de Riesgos del Trabajo. An\u00e1lisis de la ley 27.348 y disposiciones reglamentarias, Hammurabi, Buenos Aires.<br \/>&nbsp;&nbsp;&nbsp;&nbsp;1\u00ba edici\u00f3n: 2017, 391 p\u00e1ginas.<br \/>&nbsp;&nbsp;&nbsp;&nbsp;2\u00ba edici\u00f3n: 2017, 393 p\u00e1ginas.<br \/>&nbsp;&nbsp;&nbsp;&nbsp;3\u00ba edici\u00f3n: 2017, 440 p\u00e1ginas.<br \/>Pr\u00f3logo del profesor Juan Carlos Fern\u00e1ndez Madrid<br \/><strong>7.<\/strong> Ley 15.057. Procedimiento Laboral de la Provincia de Buenos Aires. Comentada. Anotada. Concordada, Hammurabi, Buenos Aires.<br \/>&nbsp;&nbsp;&nbsp;&nbsp;1\u00ba edici\u00f3n: 2019, 2 tomos, 1144 p\u00e1ginas.<br \/>&nbsp;&nbsp;&nbsp;&nbsp;2\u00b0 edici\u00f3n: 2021, 2 tomos, 1176 p\u00e1ginas.<br \/><strong>8.<\/strong> Derecho de da\u00f1os laborales, Hammurabi, Buenos Aires.<br \/>&nbsp;&nbsp;&nbsp;&nbsp;1\u00ba edici\u00f3n: 2021, 442 p\u00e1ginas.<br \/>&nbsp;&nbsp;&nbsp;&nbsp;2\u00b0 edici\u00f3n: 2022, 462 p\u00e1ginas.<br \/><strong>9.<\/strong> Cr\u00e9ditos laborales. Actualizaci\u00f3n e intereses, Hammurabi, Buenos Aires.<br \/>&nbsp;&nbsp;&nbsp;&nbsp;1\u00ba edici\u00f3n: 2023, 204 p\u00e1ginas.<\/p>\n<p>[\/et_pb_text][et_pb_text admin_label=&#8221;Title&#8221; _builder_version=&#8221;4.26.1&#8243; text_font=&#8221;||||||||&#8221; header_font=&#8221;Lato||||||||&#8221; header_text_align=&#8221;center&#8221; header_text_color=&#8221;#1b1b1b&#8221; header_font_size=&#8221;42px&#8221; header_2_font=&#8221;Lato||||||||&#8221; header_2_text_align=&#8221;left&#8221; header_2_font_size=&#8221;30px&#8221; header_2_line_height=&#8221;1.2em&#8221; module_alignment=&#8221;center&#8221; custom_margin=&#8221;||10px|&#8221; custom_padding=&#8221;|||&#8221; animation_style=&#8221;fade&#8221; header_font_tablet=&#8221;Lato||||||||&#8221; header_font_phone=&#8221;Lato||||||||&#8221; header_font_last_edited=&#8221;on|phone&#8221; header_font_size_tablet=&#8221;46px&#8221; header_font_size_phone=&#8221;27px&#8221; header_font_size_last_edited=&#8221;on|phone&#8221; header_2_font_size_tablet=&#8221;30px&#8221; header_2_font_size_phone=&#8221;25px&#8221; header_2_font_size_last_edited=&#8221;on|tablet&#8221; global_module=&#8221;32&#8243; saved_tabs=&#8221;all&#8221; locked=&#8221;off&#8221; global_colors_info=&#8221;{}&#8221;]<\/p>\n<h2>Art\u00edculos publicados en revistas jur\u00eddicas<\/h2>\n<p>[\/et_pb_text][et_pb_text _builder_version=&#8221;4.26.1&#8243; text_font=&#8221;ABeeZee||||||||&#8221; text_font_size=&#8221;16px&#8221; text_line_height=&#8221;2em&#8221; link_text_color=&#8221;#666666&#8243; animation_style=&#8221;slide&#8221; global_module=&#8221;227&#8243; saved_tabs=&#8221;all&#8221; locked=&#8221;off&#8221; global_colors_info=&#8221;{}&#8221;]<\/p>\n<p>Selecci\u00f3n de art\u00edculos publicados por el doctor Juan Formaro en revistas jur\u00eddicas:<\/p>\n<p>[\/et_pb_text][et_pb_text _builder_version=&#8221;4.26.1&#8243; text_font=&#8221;ABeeZee||||||||&#8221; text_font_size=&#8221;16px&#8221; text_line_height=&#8221;2em&#8221; link_text_color=&#8221;#666666&#8243; animation_style=&#8221;slide&#8221; global_module=&#8221;227&#8243; saved_tabs=&#8221;all&#8221; locked=&#8221;off&#8221; global_colors_info=&#8221;{}&#8221;]1.\tIntereses, anatocismo y cosa juzgada a la luz del criterio de la realidad econ\u00f3mica (El Derecho, ejemplar del 7\/7\/23, p. 2).<br \/>\n2.\tCapitalizaci\u00f3n de intereses en juicio (La Ley, diario del 9\/11\/2022, p. 1).<br \/>\n3.\tParalizaci\u00f3n del proceso judicial, mora del acreedor y curso de los intereses (El Derecho, ejemplar del 11\/4\/22, p. 2).<br \/>\n4.\tNuevas propuestas para la justicia laboral bonaerense (La Ley, diario del 25\/3\/2022, p. 1).<br \/>\n5.\tLas pretendidas funciones jurisdiccionales de las comisiones m\u00e9dicas (La Ley, diario del 3\/11\/2021, p. 11).<br \/>\n6.\tLa prescripci\u00f3n liberatoria en materia de infortunios laborales (La Ley, diario del 9\/9\/2021, p. 1. En coautor\u00eda con Diego A. Barreiro).<br \/>\n7.\tLa inconstitucionalidad de la opci\u00f3n en materia de infortunios laborales. Antes y despu\u00e9s de la ley 27.348 (La Ley, diario del 9\/6\/2021, p. 5).<br \/>\n8.\tLa modernizaci\u00f3n del procedimiento laboral bonaerense. Propuestas para la operatividad de la ley 15.057 en funci\u00f3n de la crisis que profundiza la pandemia (La Ley, diario del 13\/11\/2020, p. 1).<br \/>\n9.\tLas comisiones m\u00e9dicas y la habilitaci\u00f3n de las acciones judiciales directas en materia de riesgos del trabajo (Doctrina Laboral y Previsional &#8211; Errepar &#8211; N\u00ba 422 &#8211; Octubre\/2020, p. 1041. En coautor\u00eda con Mario B. Galeazzi).<br \/>\n10.\tLa competencia territorial en las acciones por siniestros laborales regidas por las leyes 11.653, 15.057 y 27.348 (La Ley Online, AR\/DOC\/2352\/2020. En coautor\u00eda con Diego A. Barreiro).<br \/>\n11.\tEl derecho de da\u00f1os laborales y el coronavirus. Reglas generales para la cobertura del Covid-19 y an\u00e1lisis del DNU 367\/2020 (La Ley, diario del 21\/4\/2020, p. 13. En coautor\u00eda con Diego A. Barreiro y Eduardo E. Curutchet).<br \/>\n12.\tFuentes e interpretaci\u00f3n en el derecho del trabajo (Doctrina Laboral y Previsional &#8211; Errepar &#8211; N\u00ba 409 &#8211; Septiembre\/2019, p. 881).<br \/>\n13.\tLa cosa juzgada y la caducidad en el \u00e1mbito de las comisiones m\u00e9dicas (La Ley, diario del 26\/4\/2019, p. 1. En coautor\u00eda con Diego A. Barreiro).<br \/>\n14.\tLa equidad y la cuantificaci\u00f3n en materia de da\u00f1os laborales (La Ley Buenos Aires, 2019 (febrero), p. 3. En coautor\u00eda con Diego A. Barreiro).<br \/>\n15.\tSuspensi\u00f3n del cumplimiento de la prestaci\u00f3n contractual en el C\u00f3digo Civil y Comercial. Su importancia en el derecho del trabajo (Derecho del Trabajo, 2016 (marzo), p. 469).<br \/>\n16.\tAplicaci\u00f3n de la ley en el tiempo y los intereses moratorios judiciales (La Ley, ejemplar del 3\/12\/15).<br \/>\n17.\tLa inoponibilidad de la personalidad jur\u00eddica en el C\u00f3digo Civil y Comercial. Su incidencia en el derecho del trabajo (Derecho del Trabajo, 2015 (noviembre), p. 48).<br \/>\n18.\tEl concepto de \u201cdeuda de valor\u201d y los cr\u00e9ditos laborales (Derecho del Trabajo, 2014 (septiembre), p. 2405).  [\/et_pb_text][et_pb_text admin_label=&#8221;Title&#8221; _builder_version=&#8221;4.26.1&#8243; text_font=&#8221;||||||||&#8221; header_font=&#8221;Lato||||||||&#8221; header_text_align=&#8221;center&#8221; header_text_color=&#8221;#1b1b1b&#8221; header_font_size=&#8221;42px&#8221; header_2_font=&#8221;Lato||||||||&#8221; header_2_text_align=&#8221;left&#8221; header_2_font_size=&#8221;30px&#8221; header_2_line_height=&#8221;1.2em&#8221; module_alignment=&#8221;center&#8221; custom_margin=&#8221;||10px|&#8221; custom_padding=&#8221;|||&#8221; animation_style=&#8221;fade&#8221; header_font_tablet=&#8221;Lato||||||||&#8221; header_font_phone=&#8221;Lato||||||||&#8221; header_font_last_edited=&#8221;on|phone&#8221; header_font_size_tablet=&#8221;46px&#8221; header_font_size_phone=&#8221;27px&#8221; header_font_size_last_edited=&#8221;on|phone&#8221; header_2_font_size_tablet=&#8221;30px&#8221; header_2_font_size_phone=&#8221;25px&#8221; header_2_font_size_last_edited=&#8221;on|tablet&#8221; global_module=&#8221;32&#8243; saved_tabs=&#8221;all&#8221; locked=&#8221;off&#8221; global_colors_info=&#8221;{}&#8221;]<\/p>\n<h2>Aportes en obras colectivas<\/h2>\n<p>[\/et_pb_text][et_pb_text _builder_version=&#8221;4.26.1&#8243; text_font=&#8221;ABeeZee||||||||&#8221; text_font_size=&#8221;16px&#8221; text_line_height=&#8221;2em&#8221; link_text_color=&#8221;#666666&#8243; animation_style=&#8221;slide&#8221; global_module=&#8221;227&#8243; saved_tabs=&#8221;all&#8221; locked=&#8221;off&#8221; global_colors_info=&#8221;{}&#8221;]Aportes del doctor Juan Formaro en la obra C\u00f3digo Civil y Comercial de la Naci\u00f3n (An\u00e1lisis doctrinal y jurisprudencial) dirigido por el doctor Alberto J. Bueres (Hammurabi, Buenos Aires).<br \/>\n1. Fuentes del derecho y reglas de interpretaci\u00f3n en el C\u00f3digo Civil y Comercial (t. 1A, p. 40).<br \/>\n2. Derecho transitorio (eficacia temporal de la ley) (t. 1A, p. 76).<br \/>\n3. Inoponibilidad de la personalidad jur\u00eddica y responsabilidad de los administradores en el C\u00f3digo Civil y Comercial. Incidencia en el derecho del trabajo (t. 1A, p. 653).<br \/>\n4. La fijaci\u00f3n judicial de los intereses moratorios (t. 3A, p. 329).<br \/>\n5. Reconocimiento y r\u00e9gimen de las deudas de valor en el C\u00f3digo Civil y Comercial (t. 3A, p. 347).<br \/>\n6. Las obligaciones solidarias en el derecho del trabajo (t. 3B, p. 38).<br \/>\n7. Las obligaciones concurrentes y el derecho del trabajo (t. 3B, p. 123).<br \/>\n8. Comentario exeg\u00e9tico de los arts. 858\/864 del CCCN (Rendici\u00f3n de cuentas) (t. 3B, p. 146).<br \/>\n9. Los modos de extinci\u00f3n de las obligaciones en el CCCN y su relaci\u00f3n con el derecho del trabajo (t. 3B, p. 167).<br \/>\n10. Suspensi\u00f3n del cumplimiento de la prestaci\u00f3n contractual en el C\u00f3digo Civil y Comercial. Su importancia en el derecho del trabajo (t. 3C, p. 246).<br \/>\n11. El contrato de servicios y el contrato de trabajo (t. 3D, p. 205).<br \/>\n12. Los contratos asociativos y el derecho del trabajo (t. 3E, p. 72).<br \/>\n13. Las figuras del agente y del viajante de comercio (t. 3E, p. 119).<br \/>\n14. Los contratos de concesi\u00f3n y distribuci\u00f3n y la responsabilidad laboral (t. 3E, p. 191).<br \/>\n15. La responsabilidad laboral y el contrato de franquicia (t. 3E, p. 239).<br \/>\n16. La prescripci\u00f3n liberatoria en el CCCN y su incidencia en el derecho del trabajo (t. 6, p. 106). [\/et_pb_text][et_pb_text admin_label=&#8221;Title&#8221; _builder_version=&#8221;4.26.1&#8243; text_font=&#8221;||||||||&#8221; header_font=&#8221;Lato||||||||&#8221; header_text_align=&#8221;center&#8221; header_text_color=&#8221;#1b1b1b&#8221; header_font_size=&#8221;42px&#8221; header_2_font=&#8221;Lato||||||||&#8221; header_2_text_align=&#8221;left&#8221; header_2_font_size=&#8221;30px&#8221; header_2_line_height=&#8221;1.2em&#8221; module_alignment=&#8221;center&#8221; custom_margin=&#8221;||10px|&#8221; custom_padding=&#8221;|||&#8221; animation_style=&#8221;fade&#8221; header_font_tablet=&#8221;Lato||||||||&#8221; header_font_phone=&#8221;Lato||||||||&#8221; header_font_last_edited=&#8221;on|phone&#8221; header_font_size_tablet=&#8221;46px&#8221; header_font_size_phone=&#8221;27px&#8221; header_font_size_last_edited=&#8221;on|phone&#8221; header_2_font_size_tablet=&#8221;30px&#8221; header_2_font_size_phone=&#8221;25px&#8221; header_2_font_size_last_edited=&#8221;on|tablet&#8221; global_module=&#8221;32&#8243; saved_tabs=&#8221;all&#8221; locked=&#8221;off&#8221; global_colors_info=&#8221;{}&#8221;]<\/p>\n<h2>Direcci\u00f3n de la colecci\u00f3n Jurisprudencia Laboral<\/h2>\n<p>[\/et_pb_text][et_pb_text _builder_version=&#8221;4.26.1&#8243; text_font=&#8221;ABeeZee||||||||&#8221; text_font_size=&#8221;16px&#8221; text_line_height=&#8221;2em&#8221; link_text_color=&#8221;#666666&#8243; animation_style=&#8221;slide&#8221; global_module=&#8221;227&#8243; saved_tabs=&#8221;all&#8221; locked=&#8221;off&#8221; global_colors_info=&#8221;{}&#8221;]Colecci\u00f3n Jurisprudencia Laboral (Juan Formaro &#8211; Director). An\u00e1lisis y explicaci\u00f3n pr\u00e1ctica de las sentencias trascendentes de la CSJN, CNAT, Superiores tribunales provinciales y dem\u00e1s \u00f3rganos judiciales competentes, Hammurabi.<br \/>\nPresentaci\u00f3n del profesor Juan Carlos Fern\u00e1ndez Madrid. [\/et_pb_text][et_pb_text admin_label=&#8221;Title&#8221; _builder_version=&#8221;4.26.1&#8243; text_font=&#8221;||||||||&#8221; header_font=&#8221;Lato||||||||&#8221; header_text_align=&#8221;center&#8221; header_text_color=&#8221;#1b1b1b&#8221; header_font_size=&#8221;42px&#8221; header_2_font=&#8221;Lato||||||||&#8221; header_2_text_align=&#8221;left&#8221; header_2_font_size=&#8221;30px&#8221; header_2_line_height=&#8221;1.2em&#8221; module_alignment=&#8221;center&#8221; custom_margin=&#8221;||10px|&#8221; custom_padding=&#8221;|||&#8221; animation_style=&#8221;fade&#8221; header_font_tablet=&#8221;Lato||||||||&#8221; header_font_phone=&#8221;Lato||||||||&#8221; header_font_last_edited=&#8221;on|phone&#8221; header_font_size_tablet=&#8221;46px&#8221; header_font_size_phone=&#8221;27px&#8221; header_font_size_last_edited=&#8221;on|phone&#8221; header_2_font_size_tablet=&#8221;30px&#8221; header_2_font_size_phone=&#8221;25px&#8221; header_2_font_size_last_edited=&#8221;on|tablet&#8221; global_module=&#8221;32&#8243; saved_tabs=&#8221;all&#8221; locked=&#8221;off&#8221; global_colors_info=&#8221;{}&#8221;]<\/p>\n<h2>Sistematizaci\u00f3n de compendios legislativos<\/h2>\n<p>[\/et_pb_text][et_pb_text _builder_version=&#8221;4.26.1&#8243; text_font=&#8221;ABeeZee||||||||&#8221; text_font_size=&#8221;16px&#8221; text_line_height=&#8221;2em&#8221; link_text_color=&#8221;#666666&#8243; animation_style=&#8221;slide&#8221; global_module=&#8221;227&#8243; saved_tabs=&#8221;all&#8221; locked=&#8221;off&#8221; global_colors_info=&#8221;{}&#8221;]Compendio de legislaci\u00f3n laboral (Hammurabi, Buenos Aires, 5 ediciones, 2018 a 2023).[\/et_pb_text][\/et_pb_column][\/et_pb_row][et_pb_row _builder_version=&#8221;4.25.2&#8243; _module_preset=&#8221;default&#8221; global_colors_info=&#8221;{}&#8221;][et_pb_column type=&#8221;4_4&#8243; _builder_version=&#8221;4.25.2&#8243; _module_preset=&#8221;default&#8221; global_colors_info=&#8221;{}&#8221;][et_pb_code _builder_version=&#8221;4.25.2&#8243; _module_preset=&#8221;default&#8221; text_orientation=&#8221;center&#8221; locked=&#8221;off&#8221; global_colors_info=&#8221;{}&#8221;]<a href=\"https:\/\/wa.me\/5491127407003\" class=\"whatsapp-button\" target=\"_blank\" rel=\"noopener\"><!-- [et_pb_line_break_holder] -->    <i class=\"fa fa-whatsapp\"><\/i> \u00a1Hablemos!<!-- [et_pb_line_break_holder] --><\/a>[\/et_pb_code][\/et_pb_column][\/et_pb_row][\/et_pb_section]<\/p>\n","protected":false},"excerpt":{"rendered":"<p>Producci\u00f3n DoctrinalEl Doctor JUAN FORMARO posee una extensa producci\u00f3n doctrinal basada en la publicaci\u00f3n de libros de autor\u00eda exclusiva, art\u00edculos en revistas especializadas y participaci\u00f3n en obras colectivas de jerarqu\u00eda. En esa producci\u00f3n se destacan: Libros de autor\u00eda exclusiva Art\u00edculos en revistas jur\u00eddicas Aportes en obras colectivas Direcci\u00f3n de la colecci\u00f3n Jurisprudencia Laboral Sistematizaci\u00f3n de [&hellip;]<\/p>\n","protected":false},"author":1,"featured_media":620,"parent":0,"menu_order":0,"comment_status":"closed","ping_status":"closed","template":"","meta":{"_et_pb_use_builder":"on","_et_pb_old_content":"","_et_gb_content_width":"","_joinchat":[],"footnotes":""},"class_list":["post-430","page","type-page","status-publish","has-post-thumbnail","hentry"],"yoast_head":"<!-- This site is optimized with the Yoast SEO plugin v27.5 - https:\/\/yoast.com\/product\/yoast-seo-wordpress\/ -->\n<title>Producci\u00f3n Doctrinal - Abogados Expertos<\/title>\n<meta name=\"description\" content=\"Producci\u00f3n Doctrinal. El Doctor JUAN FORMARO posee una extensa producci\u00f3n doctrinal basada en la publicaci\u00f3n de libros de autor\u00eda exclusiva.\" \/>\n<meta name=\"robots\" content=\"noindex, follow, max-snippet:-1, max-image-preview:large, max-video-preview:-1\" \/>\n<meta property=\"og:locale\" content=\"en_US\" \/>\n<meta property=\"og:type\" content=\"article\" \/>\n<meta property=\"og:title\" content=\"Producci\u00f3n Doctrinal\" \/>\n<meta property=\"og:description\" content=\"Producci\u00f3n Doctrinal. El Doctor JUAN FORMARO posee una extensa producci\u00f3n doctrinal basada en la publicaci\u00f3n de libros de autor\u00eda exclusiva.\" \/>\n<meta property=\"og:url\" content=\"https:\/\/www.marianakirby.com\/abogado\/produccion-doctrinal\/\" \/>\n<meta property=\"og:site_name\" content=\"Abogados Expertos\" \/>\n<meta property=\"article:modified_time\" content=\"2024-07-14T02:41:04+00:00\" \/>\n<meta property=\"og:image\" content=\"https:\/\/www.marianakirby.com\/abogado\/wp-content\/uploads\/2024\/07\/Juan2.webp\" \/>\n\t<meta property=\"og:image:width\" content=\"1545\" \/>\n\t<meta property=\"og:image:height\" content=\"1032\" \/>\n\t<meta property=\"og:image:type\" content=\"image\/webp\" \/>\n<meta name=\"twitter:card\" content=\"summary_large_image\" \/>\n<meta name=\"twitter:title\" content=\"Producci\u00f3n Doctrinal\" \/>\n<meta name=\"twitter:label1\" content=\"Est. reading time\" \/>\n\t<meta name=\"twitter:data1\" content=\"10 minutes\" \/>\n<script type=\"application\/ld+json\" class=\"yoast-schema-graph\">{\"@context\":\"https:\\\/\\\/schema.org\",\"@graph\":[{\"@type\":\"WebPage\",\"@id\":\"https:\\\/\\\/www.marianakirby.com\\\/abogado\\\/produccion-doctrinal\\\/\",\"url\":\"https:\\\/\\\/www.marianakirby.com\\\/abogado\\\/produccion-doctrinal\\\/\",\"name\":\"Producci\u00f3n Doctrinal - Abogados Expertos\",\"isPartOf\":{\"@id\":\"https:\\\/\\\/www.marianakirby.com\\\/abogado\\\/#website\"},\"primaryImageOfPage\":{\"@id\":\"https:\\\/\\\/www.marianakirby.com\\\/abogado\\\/produccion-doctrinal\\\/#primaryimage\"},\"image\":{\"@id\":\"https:\\\/\\\/www.marianakirby.com\\\/abogado\\\/produccion-doctrinal\\\/#primaryimage\"},\"thumbnailUrl\":\"https:\\\/\\\/www.marianakirby.com\\\/abogado\\\/wp-content\\\/uploads\\\/2024\\\/07\\\/Juan2.webp\",\"datePublished\":\"2024-06-27T15:58:56+00:00\",\"dateModified\":\"2024-07-14T02:41:04+00:00\",\"description\":\"Producci\u00f3n Doctrinal. El Doctor JUAN FORMARO posee una extensa producci\u00f3n doctrinal basada en la publicaci\u00f3n de libros de autor\u00eda exclusiva.\",\"breadcrumb\":{\"@id\":\"https:\\\/\\\/www.marianakirby.com\\\/abogado\\\/produccion-doctrinal\\\/#breadcrumb\"},\"inLanguage\":\"en-US\",\"potentialAction\":[{\"@type\":\"ReadAction\",\"target\":[\"https:\\\/\\\/www.marianakirby.com\\\/abogado\\\/produccion-doctrinal\\\/\"]}]},{\"@type\":\"ImageObject\",\"inLanguage\":\"en-US\",\"@id\":\"https:\\\/\\\/www.marianakirby.com\\\/abogado\\\/produccion-doctrinal\\\/#primaryimage\",\"url\":\"https:\\\/\\\/www.marianakirby.com\\\/abogado\\\/wp-content\\\/uploads\\\/2024\\\/07\\\/Juan2.webp\",\"contentUrl\":\"https:\\\/\\\/www.marianakirby.com\\\/abogado\\\/wp-content\\\/uploads\\\/2024\\\/07\\\/Juan2.webp\",\"width\":1545,\"height\":1032,\"caption\":\"Juan Formaro\"},{\"@type\":\"BreadcrumbList\",\"@id\":\"https:\\\/\\\/www.marianakirby.com\\\/abogado\\\/produccion-doctrinal\\\/#breadcrumb\",\"itemListElement\":[{\"@type\":\"ListItem\",\"position\":1,\"name\":\"Home\",\"item\":\"https:\\\/\\\/www.marianakirby.com\\\/abogado\\\/\"},{\"@type\":\"ListItem\",\"position\":2,\"name\":\"Producci\u00f3n Doctrinal\"}]},{\"@type\":\"WebSite\",\"@id\":\"https:\\\/\\\/www.marianakirby.com\\\/abogado\\\/#website\",\"url\":\"https:\\\/\\\/www.marianakirby.com\\\/abogado\\\/\",\"name\":\"Abogados Expertos\",\"description\":\"Protecci\u00f3n y defensa en el \u00e1mbito laboral \",\"potentialAction\":[{\"@type\":\"SearchAction\",\"target\":{\"@type\":\"EntryPoint\",\"urlTemplate\":\"https:\\\/\\\/www.marianakirby.com\\\/abogado\\\/?s={search_term_string}\"},\"query-input\":{\"@type\":\"PropertyValueSpecification\",\"valueRequired\":true,\"valueName\":\"search_term_string\"}}],\"inLanguage\":\"en-US\"}]}<\/script>\n<!-- \/ Yoast SEO plugin. -->","yoast_head_json":{"title":"Producci\u00f3n Doctrinal - Abogados Expertos","description":"Producci\u00f3n Doctrinal. El Doctor JUAN FORMARO posee una extensa producci\u00f3n doctrinal basada en la publicaci\u00f3n de libros de autor\u00eda exclusiva.","robots":{"index":"noindex","follow":"follow","max-snippet":"max-snippet:-1","max-image-preview":"max-image-preview:large","max-video-preview":"max-video-preview:-1"},"og_locale":"en_US","og_type":"article","og_title":"Producci\u00f3n Doctrinal","og_description":"Producci\u00f3n Doctrinal. El Doctor JUAN FORMARO posee una extensa producci\u00f3n doctrinal basada en la publicaci\u00f3n de libros de autor\u00eda exclusiva.","og_url":"https:\/\/www.marianakirby.com\/abogado\/produccion-doctrinal\/","og_site_name":"Abogados Expertos","article_modified_time":"2024-07-14T02:41:04+00:00","og_image":[{"width":1545,"height":1032,"url":"https:\/\/www.marianakirby.com\/abogado\/wp-content\/uploads\/2024\/07\/Juan2.webp","type":"image\/webp"}],"twitter_card":"summary_large_image","twitter_title":"Producci\u00f3n Doctrinal","twitter_misc":{"Est. reading time":"10 minutes"},"schema":{"@context":"https:\/\/schema.org","@graph":[{"@type":"WebPage","@id":"https:\/\/www.marianakirby.com\/abogado\/produccion-doctrinal\/","url":"https:\/\/www.marianakirby.com\/abogado\/produccion-doctrinal\/","name":"Producci\u00f3n Doctrinal - Abogados Expertos","isPartOf":{"@id":"https:\/\/www.marianakirby.com\/abogado\/#website"},"primaryImageOfPage":{"@id":"https:\/\/www.marianakirby.com\/abogado\/produccion-doctrinal\/#primaryimage"},"image":{"@id":"https:\/\/www.marianakirby.com\/abogado\/produccion-doctrinal\/#primaryimage"},"thumbnailUrl":"https:\/\/www.marianakirby.com\/abogado\/wp-content\/uploads\/2024\/07\/Juan2.webp","datePublished":"2024-06-27T15:58:56+00:00","dateModified":"2024-07-14T02:41:04+00:00","description":"Producci\u00f3n Doctrinal. El Doctor JUAN FORMARO posee una extensa producci\u00f3n doctrinal basada en la publicaci\u00f3n de libros de autor\u00eda exclusiva.","breadcrumb":{"@id":"https:\/\/www.marianakirby.com\/abogado\/produccion-doctrinal\/#breadcrumb"},"inLanguage":"en-US","potentialAction":[{"@type":"ReadAction","target":["https:\/\/www.marianakirby.com\/abogado\/produccion-doctrinal\/"]}]},{"@type":"ImageObject","inLanguage":"en-US","@id":"https:\/\/www.marianakirby.com\/abogado\/produccion-doctrinal\/#primaryimage","url":"https:\/\/www.marianakirby.com\/abogado\/wp-content\/uploads\/2024\/07\/Juan2.webp","contentUrl":"https:\/\/www.marianakirby.com\/abogado\/wp-content\/uploads\/2024\/07\/Juan2.webp","width":1545,"height":1032,"caption":"Juan Formaro"},{"@type":"BreadcrumbList","@id":"https:\/\/www.marianakirby.com\/abogado\/produccion-doctrinal\/#breadcrumb","itemListElement":[{"@type":"ListItem","position":1,"name":"Home","item":"https:\/\/www.marianakirby.com\/abogado\/"},{"@type":"ListItem","position":2,"name":"Producci\u00f3n Doctrinal"}]},{"@type":"WebSite","@id":"https:\/\/www.marianakirby.com\/abogado\/#website","url":"https:\/\/www.marianakirby.com\/abogado\/","name":"Abogados Expertos","description":"Protecci\u00f3n y defensa en el \u00e1mbito laboral ","potentialAction":[{"@type":"SearchAction","target":{"@type":"EntryPoint","urlTemplate":"https:\/\/www.marianakirby.com\/abogado\/?s={search_term_string}"},"query-input":{"@type":"PropertyValueSpecification","valueRequired":true,"valueName":"search_term_string"}}],"inLanguage":"en-US"}]}},"_links":{"self":[{"href":"https:\/\/www.marianakirby.com\/abogado\/wp-json\/wp\/v2\/pages\/430","targetHints":{"allow":["GET"]}}],"collection":[{"href":"https:\/\/www.marianakirby.com\/abogado\/wp-json\/wp\/v2\/pages"}],"about":[{"href":"https:\/\/www.marianakirby.com\/abogado\/wp-json\/wp\/v2\/types\/page"}],"author":[{"embeddable":true,"href":"https:\/\/www.marianakirby.com\/abogado\/wp-json\/wp\/v2\/users\/1"}],"replies":[{"embeddable":true,"href":"https:\/\/www.marianakirby.com\/abogado\/wp-json\/wp\/v2\/comments?post=430"}],"version-history":[{"count":42,"href":"https:\/\/www.marianakirby.com\/abogado\/wp-json\/wp\/v2\/pages\/430\/revisions"}],"predecessor-version":[{"id":825,"href":"https:\/\/www.marianakirby.com\/abogado\/wp-json\/wp\/v2\/pages\/430\/revisions\/825"}],"wp:featuredmedia":[{"embeddable":true,"href":"https:\/\/www.marianakirby.com\/abogado\/wp-json\/wp\/v2\/media\/620"}],"wp:attachment":[{"href":"https:\/\/www.marianakirby.com\/abogado\/wp-json\/wp\/v2\/media?parent=430"}],"curies":[{"name":"wp","href":"https:\/\/api.w.org\/{rel}","templated":true}]}}