{"id":52,"date":"2024-06-24T19:32:09","date_gmt":"2024-06-24T19:32:09","guid":{"rendered":"https:\/\/www.marianakirby.com\/abogado\/?page_id=52"},"modified":"2024-07-29T11:50:02","modified_gmt":"2024-07-29T11:50:02","slug":"estudio","status":"publish","type":"page","link":"https:\/\/www.marianakirby.com\/abogado\/estudio\/","title":{"rendered":"Estudio"},"content":{"rendered":"<p>[et_pb_section fb_built=&#8221;1&#8243; admin_label=&#8221;Service Section&#8221; module_class=&#8221;top-border&#8221; _builder_version=&#8221;4.26.1&#8243; custom_padding=&#8221;32px||32px||true|&#8221; border_width_left=&#8221;150px&#8221; border_color_left=&#8221;#3b4147&#8243; border_width_left_tablet=&#8221;100px&#8221; border_width_left_phone=&#8221;10px&#8221; border_width_left_last_edited=&#8221;on|phone&#8221; locked=&#8221;off&#8221; global_colors_info=&#8221;{}&#8221;][et_pb_row admin_label=&#8221;Service Area&#8221; _builder_version=&#8221;4.16&#8243; global_colors_info=&#8221;{}&#8221;][et_pb_column type=&#8221;4_4&#8243; _builder_version=&#8221;4.16&#8243; custom_padding=&#8221;|||&#8221; global_colors_info=&#8221;{}&#8221; custom_padding__hover=&#8221;|||&#8221;][et_pb_text admin_label=&#8221;Title&#8221; _builder_version=&#8221;4.26.1&#8243; text_font=&#8221;||||||||&#8221; header_font=&#8221;Lato||||||||&#8221; header_text_align=&#8221;center&#8221; header_text_color=&#8221;#1b1b1b&#8221; header_font_size=&#8221;42px&#8221; header_2_font=&#8221;Lato||||||||&#8221; header_2_text_align=&#8221;center&#8221; header_2_font_size=&#8221;30px&#8221; header_2_line_height=&#8221;1.2em&#8221; module_alignment=&#8221;center&#8221; custom_margin=&#8221;||10px|&#8221; custom_padding=&#8221;|||&#8221; animation_style=&#8221;fade&#8221; hover_enabled=&#8221;0&#8243; header_font_tablet=&#8221;Lato||||||||&#8221; header_font_phone=&#8221;Lato||||||||&#8221; header_font_last_edited=&#8221;on|phone&#8221; header_font_size_tablet=&#8221;46px&#8221; header_font_size_phone=&#8221;27px&#8221; header_font_size_last_edited=&#8221;on|phone&#8221; header_2_font_size_tablet=&#8221;30px&#8221; header_2_font_size_phone=&#8221;25px&#8221; header_2_font_size_last_edited=&#8221;on|tablet&#8221; global_module=&#8221;32&#8243; saved_tabs=&#8221;all&#8221; locked=&#8221;off&#8221; global_colors_info=&#8221;{}&#8221; sticky_enabled=&#8221;0&#8243;]<\/p>\n<h1>Estudio<\/h1>\n<p>[\/et_pb_text][et_pb_divider color=&#8221;#ffa40d&#8221; divider_position=&#8221;center&#8221; divider_weight=&#8221;3px&#8221; _builder_version=&#8221;4.26.1&#8243; max_width=&#8221;38px&#8221; module_alignment=&#8221;center&#8221; custom_padding=&#8221;||||false|false&#8221; animation_style=&#8221;fade&#8221; animation_direction=&#8221;top&#8221; animation_starting_opacity=&#8221;100%&#8221; global_module=&#8221;221&#8243; saved_tabs=&#8221;all&#8221; locked=&#8221;off&#8221; global_colors_info=&#8221;{}&#8221;][\/et_pb_divider][\/et_pb_column][\/et_pb_row][et_pb_row column_structure=&#8221;2_5,3_5&#8243; admin_label=&#8221;Service Area&#8221; _builder_version=&#8221;4.16&#8243; global_colors_info=&#8221;{}&#8221;][et_pb_column type=&#8221;2_5&#8243; _builder_version=&#8221;4.16&#8243; custom_padding=&#8221;|||&#8221; global_colors_info=&#8221;{}&#8221; custom_padding__hover=&#8221;|||&#8221;][et_pb_image src=&#8221;https:\/\/www.marianakirby.com\/abogado\/wp-content\/uploads\/2024\/07\/Juan4.jpg&#8221; alt=&#8221;Juan Formaro&#8221; title_text=&#8221;Juan Formaro&#8221; _builder_version=&#8221;4.26.1&#8243; _module_preset=&#8221;default&#8221; width=&#8221;100%&#8221; animation_style=&#8221;fade&#8221; border_width_all=&#8221;1px&#8221; border_color_all=&#8221;#e0e0e0&#8243; global_colors_info=&#8221;{}&#8221;][\/et_pb_image][\/et_pb_column][et_pb_column type=&#8221;3_5&#8243; _builder_version=&#8221;4.16&#8243; custom_padding=&#8221;|||&#8221; global_colors_info=&#8221;{}&#8221; custom_padding__hover=&#8221;|||&#8221;][et_pb_text _builder_version=&#8221;4.26.1&#8243; text_font=&#8221;ABeeZee||||||||&#8221; text_font_size=&#8221;16px&#8221; text_line_height=&#8221;2em&#8221; link_text_color=&#8221;#666666&#8243; animation_style=&#8221;fade&#8221; global_module=&#8221;227&#8243; saved_tabs=&#8221;all&#8221; locked=&#8221;off&#8221; global_colors_info=&#8221;{}&#8221; link_text_color__hover_enabled=&#8221;on|hover&#8221; link_text_color__hover=&#8221;#1f3767&#8243;]Abogados Expertos es un bufete especializado en derecho laboral con m\u00e1s de 20 a\u00f1os de experiencia en el campo. Nuestro equipo de abogados laboralistas se dedica a brindar asesoramiento y representaci\u00f3n legal de alta calidad a trabajadores y empresas. Nos enorgullece nuestra capacidad para resolver conflictos laborales con eficacia, siempre protegiendo los derechos e intereses de nuestros clientes. Con un enfoque personalizado y estrat\u00e9gico, Abogados Expertos ha ganado una reputaci\u00f3n s\u00f3lida por su compromiso y resultados exitosos en litigios laborales. Estamos aqu\u00ed para ayudarte a navegar el complejo mundo del derecho laboral con confianza y tranquilidad.[\/et_pb_text][\/et_pb_column][\/et_pb_row][et_pb_row _builder_version=&#8221;4.25.2&#8243; _module_preset=&#8221;default&#8221; global_colors_info=&#8221;{}&#8221;][et_pb_column type=&#8221;4_4&#8243; _builder_version=&#8221;4.25.2&#8243; _module_preset=&#8221;default&#8221; global_colors_info=&#8221;{}&#8221;][et_pb_code _builder_version=&#8221;4.25.2&#8243; _module_preset=&#8221;default&#8221; text_orientation=&#8221;center&#8221; global_colors_info=&#8221;{}&#8221;]<a href=\"https:\/\/wa.me\/5491127407003\" class=\"whatsapp-button\" target=\"_blank\" rel=\"noopener\"><!-- [et_pb_line_break_holder] -->    <i class=\"fa fa-whatsapp\"><\/i> \u00a1Hablemos!<!-- [et_pb_line_break_holder] --><\/a>[\/et_pb_code][\/et_pb_column][\/et_pb_row][\/et_pb_section]<\/p>\n","protected":false},"excerpt":{"rendered":"<p>EstudioAbogados Expertos es un bufete especializado en derecho laboral con m\u00e1s de 20 a\u00f1os de experiencia en el campo. Nuestro equipo de abogados laboralistas se dedica a brindar asesoramiento y representaci\u00f3n legal de alta calidad a trabajadores y empresas. Nos enorgullece nuestra capacidad para resolver conflictos laborales con eficacia, siempre protegiendo los derechos e intereses [&hellip;]<\/p>\n","protected":false},"author":1,"featured_media":620,"parent":0,"menu_order":0,"comment_status":"closed","ping_status":"closed","template":"","meta":{"_et_pb_use_builder":"on","_et_pb_old_content":"","_et_gb_content_width":"","_joinchat":[],"footnotes":""},"class_list":["post-52","page","type-page","status-publish","has-post-thumbnail","hentry"],"yoast_head":"<!-- This site is optimized with the Yoast SEO plugin v27.5 - https:\/\/yoast.com\/product\/yoast-seo-wordpress\/ -->\n<title>Estudio - Abogados Expertos<\/title>\n<meta name=\"description\" content=\"Bio\" \/>\n<meta name=\"robots\" content=\"noindex, follow, max-snippet:-1, max-image-preview:large, max-video-preview:-1\" \/>\n<meta property=\"og:locale\" content=\"en_US\" \/>\n<meta property=\"og:type\" content=\"article\" \/>\n<meta property=\"og:title\" content=\"Bio Juan Formaro.\" \/>\n<meta property=\"og:description\" content=\"Bio Juan Formaro. Abogado egresado de la Universidad de Buenos Aires y Doctor en Ciencias Jur\u00eddicas por la Universidad Nacional de La Plata.\" \/>\n<meta property=\"og:url\" content=\"https:\/\/www.marianakirby.com\/abogado\/estudio\/\" \/>\n<meta property=\"og:site_name\" content=\"Abogados Expertos\" \/>\n<meta property=\"article:modified_time\" content=\"2024-07-29T11:50:02+00:00\" \/>\n<meta property=\"og:image\" content=\"https:\/\/www.marianakirby.com\/abogado\/wp-content\/uploads\/2024\/07\/Juan2.webp\" \/>\n\t<meta property=\"og:image:width\" content=\"1545\" \/>\n\t<meta property=\"og:image:height\" content=\"1032\" \/>\n\t<meta property=\"og:image:type\" content=\"image\/webp\" \/>\n<meta name=\"twitter:card\" content=\"summary_large_image\" \/>\n<meta name=\"twitter:title\" content=\"Bio Juan Formaro.\" \/>\n<meta name=\"twitter:description\" content=\"Bio Juan Formaro. Abogado egresado de la Universidad de Buenos Aires y Doctor en Ciencias Jur\u00eddicas por la Universidad Nacional de La Plata.\" \/>\n<meta name=\"twitter:label1\" content=\"Est. reading time\" \/>\n\t<meta name=\"twitter:data1\" content=\"1 minute\" \/>\n<script type=\"application\/ld+json\" class=\"yoast-schema-graph\">{\"@context\":\"https:\\\/\\\/schema.org\",\"@graph\":[{\"@type\":\"WebPage\",\"@id\":\"https:\\\/\\\/www.marianakirby.com\\\/abogado\\\/estudio\\\/\",\"url\":\"https:\\\/\\\/www.marianakirby.com\\\/abogado\\\/estudio\\\/\",\"name\":\"Estudio - Abogados Expertos\",\"isPartOf\":{\"@id\":\"https:\\\/\\\/www.marianakirby.com\\\/abogado\\\/#website\"},\"primaryImageOfPage\":{\"@id\":\"https:\\\/\\\/www.marianakirby.com\\\/abogado\\\/estudio\\\/#primaryimage\"},\"image\":{\"@id\":\"https:\\\/\\\/www.marianakirby.com\\\/abogado\\\/estudio\\\/#primaryimage\"},\"thumbnailUrl\":\"https:\\\/\\\/www.marianakirby.com\\\/abogado\\\/wp-content\\\/uploads\\\/2024\\\/07\\\/Juan2.webp\",\"datePublished\":\"2024-06-24T19:32:09+00:00\",\"dateModified\":\"2024-07-29T11:50:02+00:00\",\"description\":\"Bio\",\"breadcrumb\":{\"@id\":\"https:\\\/\\\/www.marianakirby.com\\\/abogado\\\/estudio\\\/#breadcrumb\"},\"inLanguage\":\"en-US\",\"potentialAction\":[{\"@type\":\"ReadAction\",\"target\":[\"https:\\\/\\\/www.marianakirby.com\\\/abogado\\\/estudio\\\/\"]}]},{\"@type\":\"ImageObject\",\"inLanguage\":\"en-US\",\"@id\":\"https:\\\/\\\/www.marianakirby.com\\\/abogado\\\/estudio\\\/#primaryimage\",\"url\":\"https:\\\/\\\/www.marianakirby.com\\\/abogado\\\/wp-content\\\/uploads\\\/2024\\\/07\\\/Juan2.webp\",\"contentUrl\":\"https:\\\/\\\/www.marianakirby.com\\\/abogado\\\/wp-content\\\/uploads\\\/2024\\\/07\\\/Juan2.webp\",\"width\":1545,\"height\":1032,\"caption\":\"Juan Formaro\"},{\"@type\":\"BreadcrumbList\",\"@id\":\"https:\\\/\\\/www.marianakirby.com\\\/abogado\\\/estudio\\\/#breadcrumb\",\"itemListElement\":[{\"@type\":\"ListItem\",\"position\":1,\"name\":\"Home\",\"item\":\"https:\\\/\\\/www.marianakirby.com\\\/abogado\\\/\"},{\"@type\":\"ListItem\",\"position\":2,\"name\":\"Estudio\"}]},{\"@type\":\"WebSite\",\"@id\":\"https:\\\/\\\/www.marianakirby.com\\\/abogado\\\/#website\",\"url\":\"https:\\\/\\\/www.marianakirby.com\\\/abogado\\\/\",\"name\":\"Abogados Expertos\",\"description\":\"Protecci\u00f3n y defensa en el \u00e1mbito laboral \",\"potentialAction\":[{\"@type\":\"SearchAction\",\"target\":{\"@type\":\"EntryPoint\",\"urlTemplate\":\"https:\\\/\\\/www.marianakirby.com\\\/abogado\\\/?s={search_term_string}\"},\"query-input\":{\"@type\":\"PropertyValueSpecification\",\"valueRequired\":true,\"valueName\":\"search_term_string\"}}],\"inLanguage\":\"en-US\"}]}<\/script>\n<!-- \/ Yoast SEO plugin. -->","yoast_head_json":{"title":"Estudio - Abogados Expertos","description":"Bio","robots":{"index":"noindex","follow":"follow","max-snippet":"max-snippet:-1","max-image-preview":"max-image-preview:large","max-video-preview":"max-video-preview:-1"},"og_locale":"en_US","og_type":"article","og_title":"Bio Juan Formaro.","og_description":"Bio Juan Formaro. Abogado egresado de la Universidad de Buenos Aires y Doctor en Ciencias Jur\u00eddicas por la Universidad Nacional de La Plata.","og_url":"https:\/\/www.marianakirby.com\/abogado\/estudio\/","og_site_name":"Abogados Expertos","article_modified_time":"2024-07-29T11:50:02+00:00","og_image":[{"width":1545,"height":1032,"url":"https:\/\/www.marianakirby.com\/abogado\/wp-content\/uploads\/2024\/07\/Juan2.webp","type":"image\/webp"}],"twitter_card":"summary_large_image","twitter_title":"Bio Juan Formaro.","twitter_description":"Bio Juan Formaro. Abogado egresado de la Universidad de Buenos Aires y Doctor en Ciencias Jur\u00eddicas por la Universidad Nacional de La Plata.","twitter_misc":{"Est. reading time":"1 minute"},"schema":{"@context":"https:\/\/schema.org","@graph":[{"@type":"WebPage","@id":"https:\/\/www.marianakirby.com\/abogado\/estudio\/","url":"https:\/\/www.marianakirby.com\/abogado\/estudio\/","name":"Estudio - Abogados Expertos","isPartOf":{"@id":"https:\/\/www.marianakirby.com\/abogado\/#website"},"primaryImageOfPage":{"@id":"https:\/\/www.marianakirby.com\/abogado\/estudio\/#primaryimage"},"image":{"@id":"https:\/\/www.marianakirby.com\/abogado\/estudio\/#primaryimage"},"thumbnailUrl":"https:\/\/www.marianakirby.com\/abogado\/wp-content\/uploads\/2024\/07\/Juan2.webp","datePublished":"2024-06-24T19:32:09+00:00","dateModified":"2024-07-29T11:50:02+00:00","description":"Bio","breadcrumb":{"@id":"https:\/\/www.marianakirby.com\/abogado\/estudio\/#breadcrumb"},"inLanguage":"en-US","potentialAction":[{"@type":"ReadAction","target":["https:\/\/www.marianakirby.com\/abogado\/estudio\/"]}]},{"@type":"ImageObject","inLanguage":"en-US","@id":"https:\/\/www.marianakirby.com\/abogado\/estudio\/#primaryimage","url":"https:\/\/www.marianakirby.com\/abogado\/wp-content\/uploads\/2024\/07\/Juan2.webp","contentUrl":"https:\/\/www.marianakirby.com\/abogado\/wp-content\/uploads\/2024\/07\/Juan2.webp","width":1545,"height":1032,"caption":"Juan Formaro"},{"@type":"BreadcrumbList","@id":"https:\/\/www.marianakirby.com\/abogado\/estudio\/#breadcrumb","itemListElement":[{"@type":"ListItem","position":1,"name":"Home","item":"https:\/\/www.marianakirby.com\/abogado\/"},{"@type":"ListItem","position":2,"name":"Estudio"}]},{"@type":"WebSite","@id":"https:\/\/www.marianakirby.com\/abogado\/#website","url":"https:\/\/www.marianakirby.com\/abogado\/","name":"Abogados Expertos","description":"Protecci\u00f3n y defensa en el \u00e1mbito laboral ","potentialAction":[{"@type":"SearchAction","target":{"@type":"EntryPoint","urlTemplate":"https:\/\/www.marianakirby.com\/abogado\/?s={search_term_string}"},"query-input":{"@type":"PropertyValueSpecification","valueRequired":true,"valueName":"search_term_string"}}],"inLanguage":"en-US"}]}},"_links":{"self":[{"href":"https:\/\/www.marianakirby.com\/abogado\/wp-json\/wp\/v2\/pages\/52","targetHints":{"allow":["GET"]}}],"collection":[{"href":"https:\/\/www.marianakirby.com\/abogado\/wp-json\/wp\/v2\/pages"}],"about":[{"href":"https:\/\/www.marianakirby.com\/abogado\/wp-json\/wp\/v2\/types\/page"}],"author":[{"embeddable":true,"href":"https:\/\/www.marianakirby.com\/abogado\/wp-json\/wp\/v2\/users\/1"}],"replies":[{"embeddable":true,"href":"https:\/\/www.marianakirby.com\/abogado\/wp-json\/wp\/v2\/comments?post=52"}],"version-history":[{"count":79,"href":"https:\/\/www.marianakirby.com\/abogado\/wp-json\/wp\/v2\/pages\/52\/revisions"}],"predecessor-version":[{"id":992,"href":"https:\/\/www.marianakirby.com\/abogado\/wp-json\/wp\/v2\/pages\/52\/revisions\/992"}],"wp:featuredmedia":[{"embeddable":true,"href":"https:\/\/www.marianakirby.com\/abogado\/wp-json\/wp\/v2\/media\/620"}],"wp:attachment":[{"href":"https:\/\/www.marianakirby.com\/abogado\/wp-json\/wp\/v2\/media?parent=52"}],"curies":[{"name":"wp","href":"https:\/\/api.w.org\/{rel}","templated":true}]}}